{"id":2404,"date":"2024-05-14T13:47:07","date_gmt":"2024-05-14T13:47:07","guid":{"rendered":"https:\/\/www.growinapp.cat\/blog\/?page_id=2404"},"modified":"2025-11-10T17:09:17","modified_gmt":"2025-11-10T17:09:17","slug":"equip","status":"publish","type":"page","link":"https:\/\/www.growinapp.cat\/blog\/equip\/","title":{"rendered":"L&#8217;equip"},"content":{"rendered":"\n<div class=\"wp-block-columns is-layout-flex wp-container-core-columns-is-layout-3a88641f wp-block-columns-is-layout-flex\">\n<div class=\"wp-block-column is-layout-flow wp-block-column-is-layout-flow\">\n<figure class=\"wp-block-image size-large is-style-rounded wp-duotone-duotone-2 is-style-rounded--1\"><img loading=\"lazy\" decoding=\"async\" width=\"1024\" height=\"764\" src=\"https:\/\/www.growinapp.cat\/blog\/wp-content\/uploads\/2024\/05\/Maria-1024x764.jpeg\" alt=\"\" class=\"wp-image-2405\" style=\"aspect-ratio:1.3333333333333333;object-fit:cover\" srcset=\"https:\/\/www.growinapp.cat\/blog\/wp-content\/uploads\/2024\/05\/Maria-1024x764.jpeg 1024w, https:\/\/www.growinapp.cat\/blog\/wp-content\/uploads\/2024\/05\/Maria-300x224.jpeg 300w, https:\/\/www.growinapp.cat\/blog\/wp-content\/uploads\/2024\/05\/Maria-768x573.jpeg 768w, https:\/\/www.growinapp.cat\/blog\/wp-content\/uploads\/2024\/05\/Maria.jpeg 1026w\" sizes=\"auto, (max-width: 1024px) 100vw, 1024px\" \/><\/figure>\n\n\n\n<p class=\"has-small-font-size wp-block-paragraph\"><strong>Maria Balle<\/strong> \u00e9s mare de dues nines en edat escolar, \u00e9s professora del Departament de Psicologia de la Universitat de les Illes Balears. La seva principal l\u00ednia d\u2019investigaci\u00f3 es centra en els aspectes temperamentals i de regulaci\u00f3 emocional associats al desenvolupament de trastorns d\u2019ansietat infantojuvenils, aix\u00ed com en la seva prevenci\u00f3.<\/p>\n<\/div>\n\n\n\n<div class=\"wp-block-column is-layout-flow wp-block-column-is-layout-flow\">\n<figure class=\"wp-block-image size-full is-style-rounded wp-duotone-duotone-2 is-style-rounded--2\"><img loading=\"lazy\" decoding=\"async\" width=\"428\" height=\"284\" src=\"https:\/\/www.growinapp.cat\/blog\/wp-content\/uploads\/2024\/05\/Jordi.jpeg\" alt=\"\" class=\"wp-image-2406\" style=\"aspect-ratio:4\/3;object-fit:cover\" srcset=\"https:\/\/www.growinapp.cat\/blog\/wp-content\/uploads\/2024\/05\/Jordi.jpeg 428w, https:\/\/www.growinapp.cat\/blog\/wp-content\/uploads\/2024\/05\/Jordi-300x199.jpeg 300w\" sizes=\"auto, (max-width: 428px) 100vw, 428px\" \/><\/figure>\n\n\n\n<p class=\"has-small-font-size wp-block-paragraph\"><strong>Jordi Llabr\u00e9s<\/strong> \u00e9s professor de ter\u00e0pia de conducta a la inf\u00e0ncia i director del Laboratori de Conducta i Tecnologia de la Universitat de les Illes Balears. Li agraden, en aquest ordre, el comportament de les persones, i la relaci\u00f3 de la tecnologia amb la conducta humana. \u00c9s pare d\u2019un fill i una filla que \u201cara s\u00f3n grans per\u00f2 varen ser petits\u201d.<\/p>\n<\/div>\n<\/div>\n\n\n\n<div class=\"wp-block-columns is-layout-flex wp-container-core-columns-is-layout-3a88641f wp-block-columns-is-layout-flex\">\n<div class=\"wp-block-column is-layout-flow wp-block-column-is-layout-flow\">\n<figure class=\"wp-block-image size-full is-resized is-style-rounded wp-duotone-duotone-2 is-style-rounded--3\"><img loading=\"lazy\" decoding=\"async\" width=\"400\" height=\"400\" src=\"https:\/\/www.growinapp.cat\/blog\/wp-content\/uploads\/2024\/05\/Alfonso.jpeg\" alt=\"\" class=\"wp-image-2410\" style=\"aspect-ratio:4\/3;object-fit:cover;width:193px;height:auto\" srcset=\"https:\/\/www.growinapp.cat\/blog\/wp-content\/uploads\/2024\/05\/Alfonso.jpeg 400w, https:\/\/www.growinapp.cat\/blog\/wp-content\/uploads\/2024\/05\/Alfonso-300x300.jpeg 300w, https:\/\/www.growinapp.cat\/blog\/wp-content\/uploads\/2024\/05\/Alfonso-150x150.jpeg 150w\" sizes=\"auto, (max-width: 400px) 100vw, 400px\" \/><\/figure>\n\n\n\n<p class=\"has-small-font-size wp-block-paragraph\"><strong>Alfonso&nbsp;Morillas<\/strong>&nbsp;\u00e9s Professor Permanent Laboral del Departament de Psicologia, especialista en regulaci\u00f3 emocional i trastorns emocionals. Apassionat de l\u2019escriptura en tots els seus vessants i ferm defensor del cinema, la literatura, la m\u00fasica i el teatre com a mitjans d\u2019aprenentatge significatiu.<\/p>\n<\/div>\n\n\n\n<div class=\"wp-block-column is-layout-flow wp-block-column-is-layout-flow\">\n<figure class=\"wp-block-image size-full is-style-rounded wp-duotone-duotone-2 is-style-rounded--4\"><img loading=\"lazy\" decoding=\"async\" width=\"819\" height=\"940\" src=\"https:\/\/www.growinapp.cat\/blog\/wp-content\/uploads\/2024\/05\/Fede.jpeg\" alt=\"\" class=\"wp-image-2413\" style=\"aspect-ratio:4\/3;object-fit:cover\" srcset=\"https:\/\/www.growinapp.cat\/blog\/wp-content\/uploads\/2024\/05\/Fede.jpeg 819w, https:\/\/www.growinapp.cat\/blog\/wp-content\/uploads\/2024\/05\/Fede-261x300.jpeg 261w, https:\/\/www.growinapp.cat\/blog\/wp-content\/uploads\/2024\/05\/Fede-768x881.jpeg 768w\" sizes=\"auto, (max-width: 819px) 100vw, 819px\" \/><\/figure>\n\n\n\n<p class=\"has-small-font-size wp-block-paragraph\"><strong>Fede&nbsp;Leguizamo<\/strong>&nbsp;\u00e9s psic\u00f2leg i emprenedor. Ha realitzat els seus estudis en la UIB, la Universitat de Salamanca i la Calif\u00f2rnia&nbsp;State&nbsp;University. Com apassionat de l\u2019esport que \u00e9s,&nbsp;Fede&nbsp;compagina la seva professi\u00f3 amb la de jugador de rugbi del Toro RC.<\/p>\n<\/div>\n\n\n\n<div class=\"wp-block-column is-layout-flow wp-block-column-is-layout-flow\">\n<figure class=\"wp-block-image size-large is-style-rounded wp-duotone-duotone-2 is-style-rounded--5\"><img loading=\"lazy\" decoding=\"async\" width=\"920\" height=\"1024\" src=\"https:\/\/www.growinapp.cat\/blog\/wp-content\/uploads\/2024\/05\/Patricia-920x1024.jpeg\" alt=\"\" class=\"wp-image-2414\" style=\"aspect-ratio:4\/3;object-fit:cover\" srcset=\"https:\/\/www.growinapp.cat\/blog\/wp-content\/uploads\/2024\/05\/Patricia-920x1024.jpeg 920w, https:\/\/www.growinapp.cat\/blog\/wp-content\/uploads\/2024\/05\/Patricia-270x300.jpeg 270w, https:\/\/www.growinapp.cat\/blog\/wp-content\/uploads\/2024\/05\/Patricia-768x855.jpeg 768w, https:\/\/www.growinapp.cat\/blog\/wp-content\/uploads\/2024\/05\/Patricia-1380x1536.jpeg 1380w, https:\/\/www.growinapp.cat\/blog\/wp-content\/uploads\/2024\/05\/Patricia.jpeg 1464w\" sizes=\"auto, (max-width: 920px) 100vw, 920px\" \/><\/figure>\n\n\n\n<p class=\"has-small-font-size wp-block-paragraph\"><strong>Patricia Garc\u00eda<\/strong> \u00e9s infermera de vigil\u00e0ncia intensiva i psic\u00f2loga d\u2019emerg\u00e8ncies. Ha realitzat els seus estudis en la UIB i ha treballat en l\u2019\u00e0mbit sanitari p\u00fablic. Actualment, \u00e9s professora de la UIB, on comparteix amb el seu alumnat la seva experi\u00e8ncia. A m\u00e9s de ser mare de dos adolescents que ara posen en <em>jaque<\/em> la seva experi\u00e8ncia i formaci\u00f3.<\/p>\n<\/div>\n<\/div>\n\n\n\n<div class=\"wp-block-columns is-layout-flex wp-container-core-columns-is-layout-3a88641f wp-block-columns-is-layout-flex\">\n<div class=\"wp-block-column is-layout-flow wp-block-column-is-layout-flow\">\n<figure class=\"wp-block-image size-large is-resized is-style-rounded wp-duotone-duotone-2 is-style-rounded--6\"><img loading=\"lazy\" decoding=\"async\" width=\"1017\" height=\"1024\" src=\"https:\/\/www.growinapp.cat\/blog\/wp-content\/uploads\/2024\/05\/Maria-Angels-1017x1024.jpeg\" alt=\"\" class=\"wp-image-2415\" style=\"aspect-ratio:4\/3;object-fit:cover;width:193px;height:auto\" srcset=\"https:\/\/www.growinapp.cat\/blog\/wp-content\/uploads\/2024\/05\/Maria-Angels-1017x1024.jpeg 1017w, https:\/\/www.growinapp.cat\/blog\/wp-content\/uploads\/2024\/05\/Maria-Angels-298x300.jpeg 298w, https:\/\/www.growinapp.cat\/blog\/wp-content\/uploads\/2024\/05\/Maria-Angels-150x150.jpeg 150w, https:\/\/www.growinapp.cat\/blog\/wp-content\/uploads\/2024\/05\/Maria-Angels-768x773.jpeg 768w, https:\/\/www.growinapp.cat\/blog\/wp-content\/uploads\/2024\/05\/Maria-Angels-1525x1536.jpeg 1525w, https:\/\/www.growinapp.cat\/blog\/wp-content\/uploads\/2024\/05\/Maria-Angels.jpeg 1589w\" sizes=\"auto, (max-width: 1017px) 100vw, 1017px\" \/><\/figure>\n\n\n\n<p class=\"has-small-font-size wp-block-paragraph\"><strong>Maria \u00c0ngels Ollers Adrover<\/strong> \u00e9s graduada en Psicologia i va cursar el M\u00e0ster en Psicologia General Sanit\u00e0ria a la UIB. Va fer un voluntariat a Anglaterra enfocat a la prevenci\u00f3 de la salut mental dels joves i ha fet feina a diferents entitats socials de les Illes Balears per la prevenci\u00f3 de la conducta su\u00efcida. La investigaci\u00f3 sempre ha estat un tema que l\u2019ha interessat, i per aix\u00f2 ara est\u00e0 treballant i cursant els estudis de doctorat dins la l\u00ednia de recerca del projecte GroWinApp.&nbsp;<\/p>\n<\/div>\n\n\n\n<div class=\"wp-block-column is-layout-flow wp-block-column-is-layout-flow\">\n<figure class=\"wp-block-image size-large is-resized is-style-rounded wp-duotone-duotone-2 is-style-rounded--7\"><img loading=\"lazy\" decoding=\"async\" width=\"768\" height=\"1024\" src=\"https:\/\/www.growinapp.cat\/blog\/wp-content\/uploads\/2025\/11\/IMG_4414-768x1024.jpg\" alt=\"\" class=\"wp-image-3367\" style=\"aspect-ratio:4\/3;object-fit:cover;width:193px\" srcset=\"https:\/\/www.growinapp.cat\/blog\/wp-content\/uploads\/2025\/11\/IMG_4414-768x1024.jpg 768w, https:\/\/www.growinapp.cat\/blog\/wp-content\/uploads\/2025\/11\/IMG_4414-225x300.jpg 225w, https:\/\/www.growinapp.cat\/blog\/wp-content\/uploads\/2025\/11\/IMG_4414-1152x1536.jpg 1152w, https:\/\/www.growinapp.cat\/blog\/wp-content\/uploads\/2025\/11\/IMG_4414-1536x2048.jpg 1536w, https:\/\/www.growinapp.cat\/blog\/wp-content\/uploads\/2025\/11\/IMG_4414-scaled.jpg 1920w\" sizes=\"auto, (max-width: 768px) 100vw, 768px\" \/><\/figure>\n\n\n\n<p class=\"has-small-font-size wp-block-paragraph\"><strong>Lisa Sophie G\u00f6lz<\/strong><br>\u00e9s graduada en Psicologia per la UIB i actualment cursa el M\u00e0ster en Psicologia General Sanit\u00e0ria. Ha treballat a Alemanya en l\u2019\u00e0mbit de la investigaci\u00f3 psicol\u00f2gica i en unitats de psicoter\u00e0pia especialitzades en Trastorns de la Personalitat, aix\u00ed com en un centre d\u2019assessorament psicol\u00f2gic per a nins, adolescents i fam\u00edlies. A Mallorca, compagina els estudis del m\u00e0ster amb tasques de voluntariat a Projecte Home Balears, entitat dedicada a l\u2019atenci\u00f3 de persones amb problemes d\u2019addiccions, i a la Fundaci\u00f3 RANA, organitzaci\u00f3 centrada en la prevenci\u00f3 del maltractament i de l\u2019ab\u00fas sexual infantil.<\/p>\n<\/div>\n\n\n\n<div class=\"wp-block-column is-layout-flow wp-block-column-is-layout-flow\">\n<figure class=\"wp-block-image size-large is-resized is-style-rounded wp-duotone-duotone-2 is-style-rounded--8\"><img loading=\"lazy\" decoding=\"async\" width=\"956\" height=\"1024\" src=\"https:\/\/www.growinapp.cat\/blog\/wp-content\/uploads\/2025\/11\/IMG_1376-1-956x1024.jpg\" alt=\"\" class=\"wp-image-3365\" style=\"aspect-ratio:4\/3;object-fit:cover;width:193px\" srcset=\"https:\/\/www.growinapp.cat\/blog\/wp-content\/uploads\/2025\/11\/IMG_1376-1-956x1024.jpg 956w, https:\/\/www.growinapp.cat\/blog\/wp-content\/uploads\/2025\/11\/IMG_1376-1-280x300.jpg 280w, https:\/\/www.growinapp.cat\/blog\/wp-content\/uploads\/2025\/11\/IMG_1376-1-768x823.jpg 768w, https:\/\/www.growinapp.cat\/blog\/wp-content\/uploads\/2025\/11\/IMG_1376-1-1433x1536.jpg 1433w, https:\/\/www.growinapp.cat\/blog\/wp-content\/uploads\/2025\/11\/IMG_1376-1-1911x2048.jpg 1911w\" sizes=\"auto, (max-width: 956px) 100vw, 956px\" \/><\/figure>\n\n\n\n<p class=\"has-small-font-size wp-block-paragraph\"><strong>Joana Vidal Frisk<\/strong> <br>\u00e9s graduada en psicologia per la UIB i des de fa uns anys \u00e9s l&#8217;orientadora educativa d&#8217;un CEIP, on gaudeix acompanyant els infants i les seves fam\u00edlies en el seu proc\u00e9s d\u2019aprenentatge i desenvolupament socioemocional. Compagina aquesta tasca amb el segon curs del M\u00e0ster en Psicologia General Sanit\u00e0ria, amb l&#8217;objectiu d&#8217;ampliar la seva formaci\u00f3 en l&#8217;\u00e0mbit sanitari.<\/p>\n<\/div>\n<\/div>\n\n\n\n<div class=\"wp-block-columns is-layout-flex wp-container-core-columns-is-layout-3a88641f wp-block-columns-is-layout-flex\">\n<div class=\"wp-block-column is-layout-flow wp-block-column-is-layout-flow\">\n<figure class=\"wp-block-image size-large is-resized is-style-rounded wp-duotone-duotone-2 is-style-rounded--9\"><img loading=\"lazy\" decoding=\"async\" width=\"1024\" height=\"586\" src=\"https:\/\/www.growinapp.cat\/blog\/wp-content\/uploads\/2024\/05\/Victoria-1024x586.jpeg\" alt=\"\" class=\"wp-image-2407\" style=\"aspect-ratio:4\/3;object-fit:cover;width:193px;height:auto\" srcset=\"https:\/\/www.growinapp.cat\/blog\/wp-content\/uploads\/2024\/05\/Victoria-1024x586.jpeg 1024w, https:\/\/www.growinapp.cat\/blog\/wp-content\/uploads\/2024\/05\/Victoria-300x172.jpeg 300w, https:\/\/www.growinapp.cat\/blog\/wp-content\/uploads\/2024\/05\/Victoria-768x440.jpeg 768w, https:\/\/www.growinapp.cat\/blog\/wp-content\/uploads\/2024\/05\/Victoria-1536x880.jpeg 1536w, https:\/\/www.growinapp.cat\/blog\/wp-content\/uploads\/2024\/05\/Victoria-2048x1173.jpeg 2048w\" sizes=\"auto, (max-width: 1024px) 100vw, 1024px\" \/><\/figure>\n\n\n\n<p class=\"has-small-font-size wp-block-paragraph\"><strong>Vict\u00f2ria Copov\u00ed Gomila<\/strong>, germana major de sis germans i aficionada a l\u2019esport i la m\u00fasica, \u00e9s graduada en Psicologia a la UIB i actualment alumna del segon curs del M\u00e0ster en Psicologia General Sanit\u00e0ria. Ha realitzat diversos voluntariats i formacions dins l\u2019\u00e0mbit de la psicologia infantojuvenil. El seu primer any de m\u00e0ster el complement\u00e0 amb la beca SOIB Recerca i Innovaci\u00f3, la que li permet\u00e9 iniciar-se al Projecte GroWinApp i continuar-hi treballant a l\u2019actualitat.<\/p>\n<\/div>\n\n\n\n<div class=\"wp-block-column is-layout-flow wp-block-column-is-layout-flow\">\n<figure class=\"wp-block-image size-large is-style-rounded wp-duotone-duotone-2 is-style-rounded--10\"><img loading=\"lazy\" decoding=\"async\" width=\"1024\" height=\"768\" src=\"https:\/\/www.growinapp.cat\/blog\/wp-content\/uploads\/2024\/05\/Nuria-scaled-1-1024x768.jpeg\" alt=\"\" class=\"wp-image-2408\" style=\"aspect-ratio:4\/3;object-fit:cover\" srcset=\"https:\/\/www.growinapp.cat\/blog\/wp-content\/uploads\/2024\/05\/Nuria-scaled-1-1024x768.jpeg 1024w, https:\/\/www.growinapp.cat\/blog\/wp-content\/uploads\/2024\/05\/Nuria-scaled-1-300x225.jpeg 300w, https:\/\/www.growinapp.cat\/blog\/wp-content\/uploads\/2024\/05\/Nuria-scaled-1-768x576.jpeg 768w, https:\/\/www.growinapp.cat\/blog\/wp-content\/uploads\/2024\/05\/Nuria-scaled-1-1536x1152.jpeg 1536w, https:\/\/www.growinapp.cat\/blog\/wp-content\/uploads\/2024\/05\/Nuria-scaled-1-2048x1536.jpeg 2048w\" sizes=\"auto, (max-width: 1024px) 100vw, 1024px\" \/><\/figure>\n\n\n\n<p class=\"has-small-font-size wp-block-paragraph\"><strong>N\u00faria Gonz\u00e1lez Bennasar,<\/strong> graduada en Psicologia a la UIB i actualment alumna del M\u00e0ster en Psicologia General Sanit\u00e0ria. Les seves ganes d\u2019aprendre m\u00e9s la varen dur a fer un voluntariat de suport a pacients i familiars amb l\u2019AECC, fer m\u00faltiples formacions en l\u2019\u00e0mbit de la Psicologia i, finalment, a entrar dins el projecte GroWinApp. A la vegada disfruta de fer esport a l\u2019aire lliure, aix\u00ed com de practicar body combat.<\/p>\n<\/div>\n\n\n\n<div class=\"wp-block-column is-layout-flow wp-block-column-is-layout-flow\">\n<figure class=\"wp-block-image size-large is-style-rounded wp-duotone-duotone-2 is-style-rounded--11\"><img loading=\"lazy\" decoding=\"async\" width=\"1024\" height=\"683\" src=\"https:\/\/www.growinapp.cat\/blog\/wp-content\/uploads\/2024\/05\/Rebeca-1024x683.jpeg\" alt=\"\" class=\"wp-image-2409\" style=\"aspect-ratio:4\/3;object-fit:cover\" srcset=\"https:\/\/www.growinapp.cat\/blog\/wp-content\/uploads\/2024\/05\/Rebeca-1024x683.jpeg 1024w, https:\/\/www.growinapp.cat\/blog\/wp-content\/uploads\/2024\/05\/Rebeca-300x200.jpeg 300w, https:\/\/www.growinapp.cat\/blog\/wp-content\/uploads\/2024\/05\/Rebeca-768x512.jpeg 768w, https:\/\/www.growinapp.cat\/blog\/wp-content\/uploads\/2024\/05\/Rebeca-1536x1024.jpeg 1536w, https:\/\/www.growinapp.cat\/blog\/wp-content\/uploads\/2024\/05\/Rebeca.jpeg 1920w\" sizes=\"auto, (max-width: 1024px) 100vw, 1024px\" \/><\/figure>\n\n\n\n<p class=\"has-small-font-size wp-block-paragraph\"><span><span class=\"ui-provider biq bir bac bis bit biu biv biw bix biy biz bja bjb bjc bjd bje bjf bjg bjh bji bjj bjk bjl bjm bjn bjo bjp bjq bjr bjs bjt bju bjv bjw bjx\" dir=\"ltr\"><strong>Rebeca Le More Rodr\u00edguez<\/strong><br> \u00e9s graduada en Psicologia per la Universitat Aut\u00f2noma de Madrid i actualment est\u00e0 cursant el segon any del M\u00e0ster de Psicologia General <br>Sanit\u00e0ria en la UIB. Est\u00e0 interessada en la protecci\u00f3 a la inf\u00e0ncia, espec\u00edficament en les mesures d\u2019acolliment familiar i adopci\u00f3. <\/span><\/span><\/p>\n<\/div>\n<\/div>\n\n\n\n<p class=\"wp-block-paragraph\"><\/p>\n","protected":false},"excerpt":{"rendered":"<p>Maria Balle \u00e9s mare de dues nines en edat escolar, \u00e9s professora del Departament de Psicologia de la Universitat de les Illes Balears. La seva principal l\u00ednia d\u2019investigaci\u00f3 es centra en els aspectes temperamentals i de regulaci\u00f3 emocional associats al desenvolupament de trastorns d\u2019ansietat infantojuvenils, aix\u00ed com en la seva prevenci\u00f3. Jordi Llabr\u00e9s \u00e9s professor [&hellip;]<\/p>\n","protected":false},"author":2,"featured_media":0,"parent":0,"menu_order":0,"comment_status":"closed","ping_status":"closed","template":"","meta":{"footnotes":""},"class_list":["post-2404","page","type-page","status-publish","hentry"],"_links":{"self":[{"href":"https:\/\/www.growinapp.cat\/blog\/wp-json\/wp\/v2\/pages\/2404","targetHints":{"allow":["GET"]}}],"collection":[{"href":"https:\/\/www.growinapp.cat\/blog\/wp-json\/wp\/v2\/pages"}],"about":[{"href":"https:\/\/www.growinapp.cat\/blog\/wp-json\/wp\/v2\/types\/page"}],"author":[{"embeddable":true,"href":"https:\/\/www.growinapp.cat\/blog\/wp-json\/wp\/v2\/users\/2"}],"replies":[{"embeddable":true,"href":"https:\/\/www.growinapp.cat\/blog\/wp-json\/wp\/v2\/comments?post=2404"}],"version-history":[{"count":9,"href":"https:\/\/www.growinapp.cat\/blog\/wp-json\/wp\/v2\/pages\/2404\/revisions"}],"predecessor-version":[{"id":3368,"href":"https:\/\/www.growinapp.cat\/blog\/wp-json\/wp\/v2\/pages\/2404\/revisions\/3368"}],"wp:attachment":[{"href":"https:\/\/www.growinapp.cat\/blog\/wp-json\/wp\/v2\/media?parent=2404"}],"curies":[{"name":"wp","href":"https:\/\/api.w.org\/{rel}","templated":true}]}}